{"id":2056,"date":"2023-02-14T17:05:07","date_gmt":"2023-02-14T16:05:07","guid":{"rendered":"https:\/\/hotel-belle-aude.axeinternet.dev\/politica-de-privacidad\/"},"modified":"2025-06-10T15:40:36","modified_gmt":"2025-06-10T14:40:36","slug":"politica-de-privacidad","status":"publish","type":"page","link":"https:\/\/hotel-la-belle-aude.com\/es\/politica-de-privacidad\/","title":{"rendered":"Pol\u00edtica de privacidad"},"content":{"rendered":"<p>El Reglamento General de Protecci\u00f3n de Datos (RGPD) es, desde mayo de 2018, el marco europeo para el tratamiento y la circulaci\u00f3n de datos personales. La protecci\u00f3n de los datos personales tambi\u00e9n est\u00e1 regulada por la Ley de Inform\u00e1tica y Libertades n\u00ba 78-17 del 6 de enero de 1978, modificada. La presente pol\u00edtica de protecci\u00f3n de datos personales le informa sobre c\u00f3mo   <strong><\/strong> se tratan sus datos personales de conformidad con el RGPD y la Ley de Inform\u00e1tica y Libertades.<\/p>\r\n<p>&nbsp;<\/p>\r\n<p><!-- \/wp:post-content -->\r\n\r\n<!-- wp:heading --><\/p>\r\n<h2><strong>\u00bfA QUI\u00c9N SE TRANSMITEN SUS DATOS PERSONALES? <\/strong><\/h2>\r\n<p>Sus datos personales son tratados por <strong><\/strong>,<\/p>\r\n<p>Sus datos personales son accesibles \u00fanicamente para las personas autorizadas seg\u00fan sus funciones. Sus datos personales son transmitidos a los empleados de  <strong><\/strong> encargados de la administraci\u00f3n del sitio y de la gesti\u00f3n de pedidos, as\u00ed como a los subcontratistas contractuales vinculados al responsable del tratamiento, que son AttrapTemps, a quienes <strong><\/strong> recurre para la realizaci\u00f3n de sus servicios dentro del marco de las finalidades mencionadas a continuaci\u00f3n, por ejemplo, para la gesti\u00f3n, ejecuci\u00f3n, procesamiento, pago y log\u00edstica de los pedidos, as\u00ed como para operaciones de marketing. Sus datos no son transmitidos a nuestros socios comerciales sin que usted haya sido informado previamente y sin haber obtenido su consentimiento previo. <\/p>\r\n<p><!-- \/wp:heading -->\r\n\r\n<!-- wp:paragraph --><\/p>\r\n<p>&nbsp;<\/p>\r\n<p><!-- \/wp:paragraph -->\r\n\r\n<!-- wp:heading --><\/p>\r\n<h2><strong>\u00bfPOR QU\u00c9 NECESITAMOS PROCESAR SUS DATOS PERSONALES? <\/strong><!-- \/wp:heading -->\r\n\r\n<!-- wp:paragraph --><\/h2>\r\n<p>Sus datos personales son procesados por <strong><\/strong> para los siguientes fines:<!-- \/wp:paragraph -->\r\n\r\n<!-- wp:list --><\/p>\r\n<ul><!-- wp:list-item -->\r\n<li>Gestionar los pedidos, el pago y la entrega de los productos ofrecidos en el sitio.<\/li>\r\n<!-- \/wp:list-item -->\r\n\r\n<!-- wp:list-item -->\r\n<li>Usted crea su cuenta de cliente en nuestro sitio.<\/li>\r\n<!-- \/wp:list-item -->\r\n\r\n<!-- wp:list-item -->\r\n<li>Permitirle el acceso y el uso de nuestro sitio, con la mejor experiencia posible y una navegaci\u00f3n en l\u00ednea de calidad.<\/li>\r\n<!-- \/wp:list-item -->\r\n\r\n<!-- wp:list-item -->\r\n<li>Procesar sus solicitudes de informaci\u00f3n, reclamaciones o consultas, y ponerse en contacto con usted para responder a ellas.<\/li>\r\n<!-- \/wp:list-item -->\r\n\r\n<!-- wp:list-item -->\r\n<li>Procesar sus solicitudes de vales descuento, v\u00e1lidos en nuestros productos, que ponemos a disposici\u00f3n para nuestro sitio.<\/li>\r\n<!-- \/wp:list-item -->\r\n\r\n<!-- wp:list-item -->\r\n<li>Gestionar la relaci\u00f3n entre usted y <strong><\/strong> mediante la gesti\u00f3n de sus pedidos, su participaci\u00f3n en nuestros concursos, sorteos, actividades promocionales y cualquier otra solicitud.<\/li>\r\n<!-- \/wp:list-item -->\r\n\r\n<!-- wp:list-item -->\r\n<li>Proporcionarle contenidos y servicios personalizados, seg\u00fan su historial de navegaci\u00f3n, preferencias e intereses.<\/li>\r\n<!-- \/wp:list-item -->\r\n\r\n<!-- wp:list-item -->\r\n<li>Para recopilar sus comentarios sobre nuestros productos, y comprender y medir mejor sus puntos de inter\u00e9s y los deseos de los consumidores con el fin de mejorar nuestras plataformas digitales (sitio web, redes sociales), nuestros m\u00e9todos de comunicaci\u00f3n y\/o desarrollar nuevos productos y servicios.<\/li>\r\n<!-- \/wp:list-item -->\r\n\r\n<!-- wp:list-item -->\r\n<li>Desarrollar y mejorar nuestros productos, servicios, m\u00e9todos de comunicaci\u00f3n y la funcionalidad de nuestros sitios web y servicios<\/li>\r\n<!-- \/wp:list-item --><\/ul>\r\n<p><!-- \/wp:list -->\r\n\r\n<!-- wp:paragraph --><\/p>\r\n<p><strong><\/strong> se asegura de recopilar y procesar solo los datos estrictamente necesarios para la finalidad para la que son procesados.<!-- \/wp:paragraph -->\r\n\r\n<!-- wp:paragraph --><\/p>\r\n<p>Este procesamiento se basa en su consentimiento. Usted puede retirar su consentimiento de acuerdo con su derecho de retiro descrito a continuaci\u00f3n. <\/p>\r\n<p>&nbsp;<\/p>\r\n<p><!-- \/wp:paragraph -->\r\n\r\n<!-- wp:heading --><\/p>\r\n<h2><strong>\u00bfQU\u00c9 DATOS PERSONALES SE RECOPILAN?<\/strong><!-- \/wp:heading -->\r\n\r\n<!-- wp:paragraph --><\/h2>\r\n<p>Recopilamos y procesamos en particular su nombre, apellido, direcci\u00f3n, direcci\u00f3n de correo electr\u00f3nico, contrase\u00f1a, n\u00famero de tel\u00e9fono, direcci\u00f3n IP, datos de conexi\u00f3n, datos de navegaci\u00f3n, historial de pedidos, preferencias e intereses, productos consultados, incidentes de entrega y reclamaciones. Los campos obligatorios est\u00e1n indicados con un asterisco durante la recolecci\u00f3n. <\/p>\r\n<p>&nbsp;<\/p>\r\n<p><!-- \/wp:paragraph -->\r\n\r\n<!-- wp:heading --><\/p>\r\n<h2><strong>\u00bfDURANTE CU\u00c1NTO TIEMPO SE CONSERVAN SUS DATOS? <\/strong><!-- \/wp:heading -->\r\n\r\n<!-- wp:paragraph --><\/h2>\r\n<p>Los datos necesarios para la gesti\u00f3n de pedidos y facturaci\u00f3n se conservan durante toda la duraci\u00f3n de la relaci\u00f3n comercial y durante diez (10) a\u00f1os de acuerdo con las obligaciones contables.<!-- \/wp:paragraph -->\r\n\r\n<!-- wp:paragraph --><\/p>\r\n<p>Los datos utilizados para la identificaci\u00f3n y el enfoque de encuestas (correo electr\u00f3nico, perfil) se conservan hasta la cancelaci\u00f3n de la suscripci\u00f3n, despu\u00e9s de lo cual ser\u00e1n eliminados permanentemente. Sin embargo, si su cuenta est\u00e1 inactiva durante un per\u00edodo de dos (2) a\u00f1os, ser\u00e1 informado por  <strong><\/strong> y si no responde dentro del plazo comunicado <strong><\/strong>, sus datos ser\u00e1n eliminados.<!-- \/wp:paragraph -->\r\n\r\n<!-- wp:paragraph --><\/p>\r\n<p>Las respuestas a las encuestas realizadas por <strong><\/strong> se conservan durante un per\u00edodo de 3 a\u00f1os, despu\u00e9s del cual estos datos son eliminados. Sin embargo, estos per\u00edodos de conservaci\u00f3n pueden ser extendidos o acortados si:<!-- \/wp:paragraph -->\r\n\r\n<!-- wp:list --><\/p>\r\n<ul><!-- wp:list-item -->\r\n<li>Usted ejerce, bajo las condiciones previstas a continuaci\u00f3n, uno de los derechos que se le reconocen;<\/li>\r\n<!-- \/wp:list-item -->\r\n\r\n<!-- wp:list-item -->\r\n<li>Se permite o impone un per\u00edodo de conservaci\u00f3n m\u00e1s largo en virtud de una disposici\u00f3n legal o reglamentaria o para garantizar la salvaguardia de nuestros derechos.<\/li>\r\n<\/ul>\r\n<p>Los datos relativos a los medios de pago no son conservados por <strong><\/strong>. Estas se recopilan durante la transacci\u00f3n y se eliminan inmediatamente una vez que se liquida la compra.<\/p>\r\n<p>&nbsp;<\/p>\r\n<p><!-- \/wp:list-item -->\r\n\r\n<!-- wp:heading --><\/p>\r\n<h2><strong>\u00bfCU\u00c1LES SON SUS DERECHOS? <\/strong><!-- \/wp:heading -->\r\n\r\n<!-- wp:paragraph --><\/h2>\r\n<p>Usted tiene los siguientes derechos:<!-- \/wp:paragraph -->\r\n\r\n<!-- wp:list --><\/p>\r\n<ul><!-- wp:list-item -->\r\n<li>De un <strong>derecho de acceso<\/strong>, que le permite obtener:<!-- wp:list -->\r\n<ul><!-- wp:list-item -->\r\n<li>Confirmaci\u00f3n de que los datos que le conciernen est\u00e1n o no siendo procesados;<\/li>\r\n<!-- \/wp:list-item -->\r\n\r\n<!-- wp:list-item -->\r\n<li>Comunicaci\u00f3n de una copia de todos los datos personales en posesi\u00f3n del responsable del tratamiento.<\/li>\r\n<!-- \/wp:list-item --><\/ul>\r\n<!-- \/wp:list --><\/li>\r\n<!-- \/wp:list-item --><\/ul>\r\n<p><!-- \/wp:list -->\r\n\r\n<!-- wp:paragraph --><\/p>\r\n<p>Este derecho se aplica a todos los datos, ya sean o no procesados por los responsables del tratamiento.<\/p>\r\n<p><!-- \/wp:paragraph -->\r\n\r\n<!-- wp:list --><\/p>\r\n<ul><!-- wp:list-item -->\r\n<li>De un <strong>derecho a solicitar la portabilidad<\/strong> de ciertos datos: esto le permite recuperar sus datos personales en un formato estructurado, de uso com\u00fan y legible por m\u00e1quina. Esto se aplica solo a los datos proporcionados activamente, por ejemplo, al completar un formulario o responder a una encuesta, y que se procesan autom\u00e1ticamente. <\/li>\r\n<!-- \/wp:list-item -->\r\n\r\n<!-- wp:list-item -->\r\n<li>De un <strong>derecho a retirar el consentimiento<\/strong>: La retirada de su consentimiento para el procesamiento de sus datos personales, dado durante su registro en la plataforma, resulta en su desuscripci\u00f3n inmediata de la plataforma. Por lo tanto, ya no tendr\u00e1 acceso a la plataforma y todos sus datos personales ser\u00e1n eliminados de inmediato. <\/li>\r\n<!-- \/wp:list-item -->\r\n\r\n<!-- wp:list-item -->\r\n<li>De un <strong>derecho de rectificaci\u00f3n<\/strong>: Esto le permite corregir la informaci\u00f3n sobre usted cuando est\u00e1 desactualizada o es incorrecta. Tambi\u00e9n le permite completar la informaci\u00f3n incompleta sobre usted. <\/li>\r\n<!-- \/wp:list-item -->\r\n\r\n<!-- wp:list-item -->\r\n<li>De un <strong>derecho al borrado<\/strong>: Esto le permite obtener la eliminaci\u00f3n de sus datos personales, sujeto a los per\u00edodos legales de retenci\u00f3n. Puede aplicarse particularmente en casos en los que sus datos ya no sean necesarios para el procesamiento. <\/li>\r\n<!-- \/wp:list-item -->\r\n\r\n<!-- wp:list-item -->\r\n<li>De un <strong>derecho a la limitaci\u00f3n<\/strong>: Esto le permite limitar el procesamiento de sus datos en los siguientes casos:<\/li>\r\n<!-- \/wp:list-item --><\/ul>\r\n<p><!-- \/wp:list -->\r\n\r\n<!-- wp:list --><\/p>\r\n<ul><!-- wp:list-item -->\r\n<li>En caso de uso il\u00edcito de sus datos;<\/li>\r\n<!-- \/wp:list-item -->\r\n\r\n<!-- wp:list-item -->\r\n<li>Si usted disputa la exactitud de sus datos;<\/li>\r\n<!-- \/wp:list-item -->\r\n\r\n<!-- wp:list-item -->\r\n<li>Si es necesario que disponga de los datos para constatar, ejercer o defender sus derechos.<\/li>\r\n<\/ul>\r\n<p>Puede establecer directrices generales con un tercero de confianza, o espec\u00edficas con el responsable del tratamiento, sobre la conservaci\u00f3n, eliminaci\u00f3n y comunicaci\u00f3n de sus datos personales despu\u00e9s de su fallecimiento. Estas directrices son modificables o revocables en cualquier momento. Le recomendamos que se dirija al Delegado de Protecci\u00f3n de Datos, cuyas coordenadas figuran a continuaci\u00f3n.  <!-- \/wp:list-item -->\r\n\r\n<!-- wp:paragraph --><\/p>\r\n<p>Si despu\u00e9s de contactarnos, considera que sus derechos en materia de protecci\u00f3n de datos personales no son respetados, tiene la posibilidad de dirigirse a la Comisi\u00f3n Nacional de Inform\u00e1tica y Libertades (CNIL). Las coordenadas de la CNIL est\u00e1n disponibles en la siguiente direcci\u00f3n: <a href=\"https:\/\/cnil.fr\/\">https:\/\/cnil.fr\/<\/a> <\/p>\r\n<p><!-- \/wp:paragraph -->\r\n\r\n<!-- wp:paragraph --><\/p>\r\n<p>&nbsp;<\/p>\r\n<h2><strong>\u00bfC\u00d3MO CONTACTAR AL DELEGADO DE PROTECCI\u00d3N DE DATOS? <\/strong><!-- \/wp:paragraph -->\r\n\r\n<!-- wp:paragraph --><\/h2>\r\n<p>Para cualquier informaci\u00f3n adicional, puede contactar al Delegado de Protecci\u00f3n de Datos en la siguiente direcci\u00f3n:<!-- \/wp:paragraph -->\r\n\r\n<!-- wp:list --><\/p>\r\n<ul><!-- wp:list-item -->\r\n<li><strong><\/strong>  &#8211;  <strong><\/strong><\/li>\r\n<!-- \/wp:list-item --><\/ul>\r\n<p><!-- \/wp:list -->\r\n\r\n<!-- wp:paragraph --><\/p>\r\n<p>Como parte de su solicitud, se le pedir\u00e1 que justifique su identidad.<\/p>\r\n<p>No ser\u00e1n objeto de un tratamiento activo y no podr\u00e1n ser modificadas durante el ejercicio de este derecho. Para m\u00e1s detalles sobre sus derechos, puede dirigirse al Delegado de Protecci\u00f3n de Datos, cuyas coordenadas figuran a continuaci\u00f3n.<\/p>\r\n<p>&nbsp;<\/p>\r\n<p><!-- \/wp:paragraph -->\r\n\r\n<!-- wp:heading --><\/p>\r\n<h2><strong>SEGURIDAD DE SUS DATOS <\/strong><!-- \/wp:heading -->\r\n\r\n<!-- wp:paragraph --><\/h2>\r\n<p><strong><\/strong> implementa las medidas t\u00e9cnicas y organizativas apropiadas para garantizar la seguridad de sus datos de acuerdo con la normativa aplicable. En este contexto, toma las precauciones y medidas necesarias contra cualquier acceso y uso no autorizado de los datos, la p\u00e9rdida accidental o el robo de datos, la destrucci\u00f3n o alteraci\u00f3n de los datos y, en general, cualquier da\u00f1o que pueda afectar a estos datos. <\/p>\r\n<p><!-- \/wp:paragraph --><\/p><!-- \/wp:list -->","protected":false},"excerpt":{"rendered":"<p>El Reglamento General de Protecci\u00f3n de Datos (RGPD) es, desde mayo de 2018, el marco europeo para el tratamiento y la circulaci\u00f3n de datos personales. La protecci\u00f3n de los datos personales tambi\u00e9n est\u00e1 regulada por la Ley de Inform\u00e1tica y Libertades n\u00ba 78-17 del 6 de enero de 1978, modificada. La presente pol\u00edtica de protecci\u00f3n [&hellip;]<\/p>\n","protected":false},"author":1,"featured_media":0,"parent":0,"menu_order":0,"comment_status":"closed","ping_status":"closed","template":"","meta":{"_acf_changed":false,"_et_pb_use_builder":"","_et_pb_old_content":"","_et_gb_content_width":"","footnotes":""},"class_list":["post-2056","page","type-page","status-publish","hentry"],"acf":[],"yoast_head":"<!-- This site is optimized with the Yoast SEO plugin v27.5 - https:\/\/yoast.com\/product\/yoast-seo-wordpress\/ -->\n<title>Pol\u00edtica de privacidad - Hotel La Belle Aude<\/title>\n<meta name=\"robots\" content=\"index, follow, max-snippet:-1, max-image-preview:large, max-video-preview:-1\" \/>\n<link rel=\"canonical\" href=\"https:\/\/hotel-la-belle-aude.com\/es\/politica-de-privacidad\/\" \/>\n<meta property=\"og:locale\" content=\"es_ES\" \/>\n<meta property=\"og:type\" content=\"article\" \/>\n<meta property=\"og:title\" content=\"Pol\u00edtica de privacidad - Hotel La Belle Aude\" \/>\n<meta property=\"og:description\" content=\"El Reglamento General de Protecci\u00f3n de Datos (RGPD) es, desde mayo de 2018, el marco europeo para el tratamiento y la circulaci\u00f3n de datos personales. La protecci\u00f3n de los datos personales tambi\u00e9n est\u00e1 regulada por la Ley de Inform\u00e1tica y Libertades n\u00ba 78-17 del 6 de enero de 1978, modificada. La presente pol\u00edtica de protecci\u00f3n [&hellip;]\" \/>\n<meta property=\"og:url\" content=\"https:\/\/hotel-la-belle-aude.com\/es\/politica-de-privacidad\/\" \/>\n<meta property=\"og:site_name\" content=\"Hotel La Belle Aude\" \/>\n<meta property=\"article:modified_time\" content=\"2025-06-10T14:40:36+00:00\" \/>\n<meta name=\"twitter:card\" content=\"summary_large_image\" \/>\n<script type=\"application\/ld+json\" class=\"yoast-schema-graph\">{\"@context\":\"https:\\\/\\\/schema.org\",\"@graph\":[{\"@type\":\"WebPage\",\"@id\":\"https:\\\/\\\/hotel-la-belle-aude.com\\\/es\\\/politica-de-privacidad\\\/\",\"url\":\"https:\\\/\\\/hotel-la-belle-aude.com\\\/es\\\/politica-de-privacidad\\\/\",\"name\":\"Pol\u00edtica de privacidad - Hotel La Belle Aude\",\"isPartOf\":{\"@id\":\"https:\\\/\\\/hotel-la-belle-aude.com\\\/#website\"},\"datePublished\":\"2023-02-14T16:05:07+00:00\",\"dateModified\":\"2025-06-10T14:40:36+00:00\",\"breadcrumb\":{\"@id\":\"https:\\\/\\\/hotel-la-belle-aude.com\\\/es\\\/politica-de-privacidad\\\/#breadcrumb\"},\"inLanguage\":\"es\",\"potentialAction\":[{\"@type\":\"ReadAction\",\"target\":[\"https:\\\/\\\/hotel-la-belle-aude.com\\\/es\\\/politica-de-privacidad\\\/\"]}]},{\"@type\":\"BreadcrumbList\",\"@id\":\"https:\\\/\\\/hotel-la-belle-aude.com\\\/es\\\/politica-de-privacidad\\\/#breadcrumb\",\"itemListElement\":[{\"@type\":\"ListItem\",\"position\":1,\"name\":\"Accueil\",\"item\":\"https:\\\/\\\/hotel-la-belle-aude.com\\\/es\\\/inicio\\\/\"},{\"@type\":\"ListItem\",\"position\":2,\"name\":\"Pol\u00edtica de privacidad\"}]},{\"@type\":\"WebSite\",\"@id\":\"https:\\\/\\\/hotel-la-belle-aude.com\\\/#website\",\"url\":\"https:\\\/\\\/hotel-la-belle-aude.com\\\/\",\"name\":\"Hotel La Belle Aude\",\"description\":\"H\u00f4tel Auberge \u00e0 Matemale (66)\",\"potentialAction\":[{\"@type\":\"SearchAction\",\"target\":{\"@type\":\"EntryPoint\",\"urlTemplate\":\"https:\\\/\\\/hotel-la-belle-aude.com\\\/?s={search_term_string}\"},\"query-input\":{\"@type\":\"PropertyValueSpecification\",\"valueRequired\":true,\"valueName\":\"search_term_string\"}}],\"inLanguage\":\"es\"}]}<\/script>\n<!-- \/ Yoast SEO plugin. -->","yoast_head_json":{"title":"Pol\u00edtica de privacidad - Hotel La Belle Aude","robots":{"index":"index","follow":"follow","max-snippet":"max-snippet:-1","max-image-preview":"max-image-preview:large","max-video-preview":"max-video-preview:-1"},"canonical":"https:\/\/hotel-la-belle-aude.com\/es\/politica-de-privacidad\/","og_locale":"es_ES","og_type":"article","og_title":"Pol\u00edtica de privacidad - Hotel La Belle Aude","og_description":"El Reglamento General de Protecci\u00f3n de Datos (RGPD) es, desde mayo de 2018, el marco europeo para el tratamiento y la circulaci\u00f3n de datos personales. La protecci\u00f3n de los datos personales tambi\u00e9n est\u00e1 regulada por la Ley de Inform\u00e1tica y Libertades n\u00ba 78-17 del 6 de enero de 1978, modificada. La presente pol\u00edtica de protecci\u00f3n [&hellip;]","og_url":"https:\/\/hotel-la-belle-aude.com\/es\/politica-de-privacidad\/","og_site_name":"Hotel La Belle Aude","article_modified_time":"2025-06-10T14:40:36+00:00","twitter_card":"summary_large_image","schema":{"@context":"https:\/\/schema.org","@graph":[{"@type":"WebPage","@id":"https:\/\/hotel-la-belle-aude.com\/es\/politica-de-privacidad\/","url":"https:\/\/hotel-la-belle-aude.com\/es\/politica-de-privacidad\/","name":"Pol\u00edtica de privacidad - Hotel La Belle Aude","isPartOf":{"@id":"https:\/\/hotel-la-belle-aude.com\/#website"},"datePublished":"2023-02-14T16:05:07+00:00","dateModified":"2025-06-10T14:40:36+00:00","breadcrumb":{"@id":"https:\/\/hotel-la-belle-aude.com\/es\/politica-de-privacidad\/#breadcrumb"},"inLanguage":"es","potentialAction":[{"@type":"ReadAction","target":["https:\/\/hotel-la-belle-aude.com\/es\/politica-de-privacidad\/"]}]},{"@type":"BreadcrumbList","@id":"https:\/\/hotel-la-belle-aude.com\/es\/politica-de-privacidad\/#breadcrumb","itemListElement":[{"@type":"ListItem","position":1,"name":"Accueil","item":"https:\/\/hotel-la-belle-aude.com\/es\/inicio\/"},{"@type":"ListItem","position":2,"name":"Pol\u00edtica de privacidad"}]},{"@type":"WebSite","@id":"https:\/\/hotel-la-belle-aude.com\/#website","url":"https:\/\/hotel-la-belle-aude.com\/","name":"Hotel La Belle Aude","description":"H\u00f4tel Auberge \u00e0 Matemale (66)","potentialAction":[{"@type":"SearchAction","target":{"@type":"EntryPoint","urlTemplate":"https:\/\/hotel-la-belle-aude.com\/?s={search_term_string}"},"query-input":{"@type":"PropertyValueSpecification","valueRequired":true,"valueName":"search_term_string"}}],"inLanguage":"es"}]}},"_links":{"self":[{"href":"https:\/\/hotel-la-belle-aude.com\/es\/wp-json\/wp\/v2\/pages\/2056","targetHints":{"allow":["GET"]}}],"collection":[{"href":"https:\/\/hotel-la-belle-aude.com\/es\/wp-json\/wp\/v2\/pages"}],"about":[{"href":"https:\/\/hotel-la-belle-aude.com\/es\/wp-json\/wp\/v2\/types\/page"}],"author":[{"embeddable":true,"href":"https:\/\/hotel-la-belle-aude.com\/es\/wp-json\/wp\/v2\/users\/1"}],"replies":[{"embeddable":true,"href":"https:\/\/hotel-la-belle-aude.com\/es\/wp-json\/wp\/v2\/comments?post=2056"}],"version-history":[{"count":1,"href":"https:\/\/hotel-la-belle-aude.com\/es\/wp-json\/wp\/v2\/pages\/2056\/revisions"}],"predecessor-version":[{"id":2092,"href":"https:\/\/hotel-la-belle-aude.com\/es\/wp-json\/wp\/v2\/pages\/2056\/revisions\/2092"}],"wp:attachment":[{"href":"https:\/\/hotel-la-belle-aude.com\/es\/wp-json\/wp\/v2\/media?parent=2056"}],"curies":[{"name":"wp","href":"https:\/\/api.w.org\/{rel}","templated":true}]}}