{"id":2064,"date":"2025-06-02T16:29:18","date_gmt":"2025-06-02T15:29:18","guid":{"rendered":"https:\/\/hotel-belle-aude.axeinternet.dev\/hotel\/"},"modified":"2026-01-14T09:45:58","modified_gmt":"2026-01-14T08:45:58","slug":"hotel","status":"publish","type":"page","link":"https:\/\/hotel-la-belle-aude.com\/es\/hotel\/","title":{"rendered":"Hotel"},"content":{"rendered":"<p>[et_pb_section fb_built=\u00bb1&#8243; _builder_version=\u00bb4.27.4&#8243; _module_preset=\u00bbdefault\u00bb locked=\u00bboff\u00bb global_colors_info=\u00bb{}\u00bb][et_pb_row _builder_version=\u00bb4.27.4&#8243; _module_preset=\u00bbdefault\u00bb width_tablet=\u00bb90%\u00bb width_phone=\u00bb90%\u00bb width_last_edited=\u00bbon|phone\u00bb locked=\u00bboff\u00bb global_colors_info=\u00bb{}\u00bb][et_pb_column type=\u00bb4_4&#8243; _builder_version=\u00bb4.27.4&#8243; _module_preset=\u00bbdefault\u00bb global_colors_info=\u00bb{}\u00bb][et_pb_code admin_label=\u00bbCode int\u00e9gration de la galerie qui d\u00e9file &#8211; Images a modifier dans ACF en haut de la page\u00bb _builder_version=\u00bb4.27.4&#8243; _module_preset=\u00bbdefault\u00bb global_colors_info=\u00bb{}\u00bb]    <div class=\"swiper-galerie-unique-container\">\n        <div class=\"swiper swiper-galerie-unique\">\n            <div class=\"swiper-wrapper\">\n                                    <div class=\"swiper-slide\">\n                        <img decoding=\"async\" src=\"https:\/\/hotel-la-belle-aude.com\/wp-content\/uploads\/2025\/06\/hotel-la-belle-aude4.jpg\" alt=\"Chambre 5 de l&#039;h\u00f4tel la Belle Aude a Matemal\">\n                    <\/div>\n                                    <div class=\"swiper-slide\">\n                        <img decoding=\"async\" src=\"https:\/\/hotel-la-belle-aude.com\/wp-content\/uploads\/2025\/06\/hotel-la-belle-aude6.jpg\" alt=\"Piscine de la Belle Aude a Matemal\">\n                    <\/div>\n                                    <div class=\"swiper-slide\">\n                        <img decoding=\"async\" src=\"https:\/\/hotel-la-belle-aude.com\/wp-content\/uploads\/2025\/06\/hotel-la-belle-aude7.jpg\" alt=\"Chambre 4 de l&#039;h\u00f4tel la Belle Aude a Matemal\">\n                    <\/div>\n                                    <div class=\"swiper-slide\">\n                        <img decoding=\"async\" src=\"https:\/\/hotel-la-belle-aude.com\/wp-content\/uploads\/2025\/06\/hotel-la-belle-aude12.jpg\" alt=\"Chambre 3 de l&#039;h\u00f4tel la Belle Aude a Matemal\">\n                    <\/div>\n                                    <div class=\"swiper-slide\">\n                        <img decoding=\"async\" src=\"https:\/\/hotel-la-belle-aude.com\/wp-content\/uploads\/2025\/06\/hotel-la-belle-aude13.jpg\" alt=\"Chambre 2 de l&#039;h\u00f4tel la Belle Aude a Matemal\">\n                    <\/div>\n                                    <div class=\"swiper-slide\">\n                        <img decoding=\"async\" src=\"https:\/\/hotel-la-belle-aude.com\/wp-content\/uploads\/2025\/06\/hotel-la-belle-aude.jpg\" alt=\"Chambre 1 de l&#039;h\u00f4tel la Belle Aude a Matemal\">\n                    <\/div>\n                                    <div class=\"swiper-slide\">\n                        <img decoding=\"async\" src=\"https:\/\/hotel-la-belle-aude.com\/wp-content\/uploads\/2025\/06\/hotel-la-belle-aude2.jpg\" alt=\"Chambre de l&#039;h\u00f4tel la Belle Aude a Matemal\">\n                    <\/div>\n                            <\/div>\n            <div class=\"swiper-pagination pagination-galerie-unique\"><\/div>\n            <div class=\"swiper-button-next next-galerie-unique\"><\/div>\n            <div class=\"swiper-button-prev prev-galerie-unique\"><\/div>\n        <\/div>\n    <\/div>\n\n    <style>\n        .swiper-galerie-unique-container {\n            overflow: hidden;\n        }\n\n        .swiper-galerie-unique img {\n            width: 100%;\n            height: 200px;\n            object-fit: cover;\n        }\n\n        .swiper-galerie-unique .swiper-wrapper {\n            height: auto !important;\n        }\n\n        .swiper-galerie-unique .swiper-button-next,\n        .swiper-galerie-unique .swiper-button-prev {\n            color: #FA961E !important;\n        }\n\n        .swiper-galerie-unique .swiper-pagination-bullet {\n            background: #FA961E !important;\n        }\n\n        .swiper-galerie-unique .swiper-pagination-bullet-active {\n            background: #FA961E !important;\n        }\n\n        .swiper-galerie-unique .swiper-pagination {\n            position: relative;\n            margin-top: 30px;\n        }\n    <\/style>\n\n    <script type=\"text\/javascript\">\n        document.addEventListener(\"DOMContentLoaded\", function () {\n            const galleryEl = document.querySelector(\".swiper-galerie-unique\");\n            if (galleryEl) {\n                new Swiper(galleryEl, {\n                    slidesPerView: \"auto\",\n                    centeredSlides: false,\n                    watchOverflow: true,\n                    spaceBetween: 20,\n                    autoplay: {\n                        delay: 3000,\n                        disableOnInteraction: false,\n                    },\n                    loop: true,\n                    pagination: {\n                        el: \".pagination-galerie-unique\",\n                        clickable: true,\n                    },\n                    navigation: {\n                        nextEl: \".next-galerie-unique\",\n                        prevEl: \".prev-galerie-unique\",\n                    },\n                    breakpoints: {\n                        0: {\n                            slidesPerView: 2,\n                            spaceBetween: 10,\n                        },\n                        768: {\n                            slidesPerView: 4,\n                            spaceBetween: 40,\n                        },\n                    },\n                });\n            }\n        });\n    <\/script>\n    [\/et_pb_code][\/et_pb_column][\/et_pb_row][et_pb_row _builder_version=\u00bb4.27.4&#8243; _module_preset=\u00bbdefault\u00bb width_tablet=\u00bb90%\u00bb width_phone=\u00bb90%\u00bb width_last_edited=\u00bbon|tablet\u00bb global_colors_info=\u00bb{}\u00bb][et_pb_column type=\u00bb4_4&#8243; _builder_version=\u00bb4.27.4&#8243; _module_preset=\u00bbdefault\u00bb global_colors_info=\u00bb{}\u00bb][et_pb_text admin_label=\u00bbH\u00f4tel disposant de 30 chambres et d\u2019une piscine couverte*.\u00bb _builder_version=\u00bb4.27.4&#8243; _module_preset=\u00bbdefault\u00bb text_font=\u00bb|600|||||||\u00bb header_2_font=\u00bb|600|||||||\u00bb header_2_font_size=\u00bb16px\u00bb custom_margin=\u00bb||20px||false|false\u00bb custom_padding=\u00bb||||false|false\u00bb global_colors_info=\u00bb{}\u00bb]<\/p>\n<h2>Hotel con 30 habitaciones y una piscina cubierta (abierta de mayo a septiembre).<\/h2>\n<p>[\/et_pb_text][et_pb_text admin_label=\u00bbH\u00f4tel-auberge La Belle Aude \u00e0 Matemale\u00bb _builder_version=\u00bb4.27.4&#8243; _module_preset=\u00bbdefault\u00bb text_font=\u00bb||||||||\u00bb custom_margin=\u00bb||20px||false|false\u00bb global_colors_info=\u00bb{}\u00bb]<\/p>\n<p>El H\u00f4tel-Auberge La Belle Aude en Matemale, en los Pirineos Orientales, cuenta con 30 habitaciones distribuidas en 2 plantas.<\/p>\n<p>[\/et_pb_text][et_pb_text admin_label=\u00bbLes chambres doubles sont \u00e9quip\u00e9es&#8230;\u00bb _builder_version=\u00bb4.27.4&#8243; _module_preset=\u00bbdefault\u00bb text_font=\u00bb||||||||\u00bb global_colors_info=\u00bb{}\u00bb]Las habitaciones dobles est\u00e1n equipadas con una cama doble o dos camas individuales.[\/et_pb_text][\/et_pb_column][\/et_pb_row][et_pb_row _builder_version=\u00bb4.27.4&#8243; _module_preset=\u00bbdefault\u00bb background_color=\u00bb#f7f7f7&#8243; width_tablet=\u00bb90%\u00bb width_phone=\u00bb90%\u00bb width_last_edited=\u00bbon|tablet\u00bb custom_margin=\u00bb20px||||false|false\u00bb border_width_all=\u00bb1px\u00bb border_color_all=\u00bb#ededed\u00bb global_colors_info=\u00bb{}\u00bb][et_pb_column type=\u00bb4_4&#8243; _builder_version=\u00bb4.27.4&#8243; _module_preset=\u00bbdefault\u00bb global_colors_info=\u00bb{}\u00bb][et_pb_blurb title=\u00bbTARIFAS 2026&#8243; admin_label=\u00bbTarifs valables du&#8230;\u00bb _builder_version=\u00bb4.27.4&#8243; _module_preset=\u00bbdefault\u00bb header_level=\u00bbh3&#8243; header_font_size=\u00bb20px\u00bb header_line_height=\u00bb2em\u00bb body_line_height=\u00bb1.5em\u00bb text_orientation=\u00bbcenter\u00bb global_colors_info=\u00bb{}\u00bb]Tarifas v\u00e1lidas del 1 de enero de 2026 al 31 de diciembre de 2026.<br \/>\nTasa tur\u00edstica: suplemento de 0,55 \u20ac\/d\u00eda por persona mayor de 18 a\u00f1os.[\/et_pb_blurb][\/et_pb_column][\/et_pb_row][\/et_pb_section][et_pb_section fb_built=\u00bb1&#8243; admin_label=\u00bbSection Chambre seule\u00bb _builder_version=\u00bb4.27.4&#8243; _module_preset=\u00bbdefault\u00bb custom_padding=\u00bb10px||10px||true|false\u00bb global_colors_info=\u00bb{}\u00bb][et_pb_row _builder_version=\u00bb4.27.4&#8243; _module_preset=\u00bbdefault\u00bb background_color=\u00bbgcid-secondary-color\u00bb width_tablet=\u00bb90%\u00bb width_phone=\u00bb90%\u00bb width_last_edited=\u00bbon|tablet\u00bb custom_padding=\u00bb20px||20px||true|false\u00bb global_colors_info=\u00bb{%22gcid-secondary-color%22:%91%22background_color%22%93}\u00bb][et_pb_column type=\u00bb4_4&#8243; _builder_version=\u00bb4.27.4&#8243; _module_preset=\u00bbdefault\u00bb global_colors_info=\u00bb{}\u00bb][et_pb_heading title=\u00bbSolo habitaci\u00f3n\u00bb admin_label=\u00bbTitre : Chambre seule\u00bb _builder_version=\u00bb4.27.4&#8243; _module_preset=\u00bbdefault\u00bb title_level=\u00bbh4&#8243; title_font=\u00bb&#8211;et_global_body_font||||||||\u00bb title_text_color=\u00bb#FFFFFF\u00bb custom_padding=\u00bb|||10px|true|false\u00bb global_colors_info=\u00bb{}\u00bb][\/et_pb_heading][\/et_pb_column][\/et_pb_row][et_pb_row _builder_version=\u00bb4.27.4&#8243; _module_preset=\u00bbdefault\u00bb width_tablet=\u00bb90%\u00bb width_phone=\u00bb90%\u00bb width_last_edited=\u00bbon|tablet\u00bb global_colors_info=\u00bb{}\u00bb][et_pb_column type=\u00bb4_4&#8243; _builder_version=\u00bb4.27.4&#8243; _module_preset=\u00bbdefault\u00bb global_colors_info=\u00bb{}\u00bb][et_pb_text admin_label=\u00bb38,00 \u20ac par jour et par personne\u00bb _builder_version=\u00bb4.27.4&#8243; _module_preset=\u00bbdefault\u00bb background_color=\u00bb#f7f7f7&#8243; custom_padding=\u00bb8px||8px||true|false\u00bb border_width_top=\u00bb1px\u00bb border_color_top=\u00bb#ededed\u00bb border_width_bottom=\u00bb1px\u00bb border_color_bottom=\u00bb#ededed\u00bb global_colors_info=\u00bb{}\u00bb]38,00 \u20ac por d\u00eda y por persona.[\/et_pb_text][\/et_pb_column][\/et_pb_row][\/et_pb_section][et_pb_section fb_built=\u00bb1&#8243; admin_label=\u00bbSection Chambre et petit d\u00e9jeuner\u00bb _builder_version=\u00bb4.27.4&#8243; _module_preset=\u00bbdefault\u00bb custom_padding=\u00bb10px||10px||true|false\u00bb global_colors_info=\u00bb{}\u00bb][et_pb_row _builder_version=\u00bb4.27.4&#8243; _module_preset=\u00bbdefault\u00bb background_color=\u00bbgcid-secondary-color\u00bb width_tablet=\u00bb90%\u00bb width_phone=\u00bb90%\u00bb width_last_edited=\u00bbon|tablet\u00bb custom_padding=\u00bb20px||20px||true|false\u00bb global_colors_info=\u00bb{%22gcid-secondary-color%22:%91%22background_color%22,%22background_color%22%93}\u00bb][et_pb_column type=\u00bb4_4&#8243; _builder_version=\u00bb4.27.4&#8243; _module_preset=\u00bbdefault\u00bb global_colors_info=\u00bb{}\u00bb][et_pb_heading title=\u00bbHabitaci\u00f3n y desayuno\u00bb admin_label=\u00bbTitre : Chambre et petit d\u00e9jeuner\u00bb _builder_version=\u00bb4.27.4&#8243; _module_preset=\u00bbdefault\u00bb title_level=\u00bbh4&#8243; title_font=\u00bb&#8211;et_global_body_font||||||||\u00bb title_text_color=\u00bb#FFFFFF\u00bb custom_padding=\u00bb|||10px|true|false\u00bb global_colors_info=\u00bb{}\u00bb][\/et_pb_heading][\/et_pb_column][\/et_pb_row][et_pb_row _builder_version=\u00bb4.27.4&#8243; _module_preset=\u00bbdefault\u00bb width_tablet=\u00bb90%\u00bb width_phone=\u00bb90%\u00bb width_last_edited=\u00bbon|tablet\u00bb collapsed=\u00bboff\u00bb global_colors_info=\u00bb{}\u00bb][et_pb_column type=\u00bb4_4&#8243; _builder_version=\u00bb4.27.4&#8243; _module_preset=\u00bbdefault\u00bb global_colors_info=\u00bb{}\u00bb][et_pb_text admin_label=\u00bb48,00 \u20ac par jour et par personne\u00bb _builder_version=\u00bb4.27.4&#8243; _module_preset=\u00bbdefault\u00bb background_color=\u00bb#f7f7f7&#8243; custom_padding=\u00bb8px||8px||true|false\u00bb border_width_top=\u00bb1px\u00bb border_color_top=\u00bb#ededed\u00bb border_width_bottom=\u00bb1px\u00bb border_color_bottom=\u00bb#ededed\u00bb global_colors_info=\u00bb{}\u00bb]48,00 \u20ac por d\u00eda y por persona.[\/et_pb_text][\/et_pb_column][\/et_pb_row][\/et_pb_section][et_pb_section fb_built=\u00bb1&#8243; admin_label=\u00bbSection Chambre petit d\u00e9jeuner et repas du soir (demi pension)\u00bb _builder_version=\u00bb4.27.4&#8243; _module_preset=\u00bbdefault\u00bb custom_padding=\u00bb10px||10px||true|false\u00bb global_colors_info=\u00bb{}\u00bb][et_pb_row _builder_version=\u00bb4.27.4&#8243; _module_preset=\u00bbdefault\u00bb background_color=\u00bbgcid-secondary-color\u00bb width_tablet=\u00bb90%\u00bb width_phone=\u00bb90%\u00bb width_last_edited=\u00bbon|tablet\u00bb custom_padding=\u00bb20px||20px||true|false\u00bb global_colors_info=\u00bb{%22gcid-secondary-color%22:%91%22background_color%22%93}\u00bb][et_pb_column type=\u00bb4_4&#8243; _builder_version=\u00bb4.27.4&#8243; _module_preset=\u00bbdefault\u00bb global_colors_info=\u00bb{}\u00bb][et_pb_heading title=\u00bbHabitaci\u00f3n, desayuno y cena (media pensi\u00f3n)\u00bb admin_label=\u00bbTitre : Chambre petit d\u00e9jeuner et repas du soir (demi pension)\u00bb _builder_version=\u00bb4.27.4&#8243; _module_preset=\u00bbdefault\u00bb title_level=\u00bbh4&#8243; title_font=\u00bb&#8211;et_global_body_font||||||||\u00bb title_text_color=\u00bb#FFFFFF\u00bb custom_padding=\u00bb|||10px|true|false\u00bb global_colors_info=\u00bb{}\u00bb][\/et_pb_heading][\/et_pb_column][\/et_pb_row][et_pb_row _builder_version=\u00bb4.27.4&#8243; _module_preset=\u00bbdefault\u00bb width_tablet=\u00bb90%\u00bb width_phone=\u00bb90%\u00bb width_last_edited=\u00bbon|tablet\u00bb global_colors_info=\u00bb{}\u00bb][et_pb_column type=\u00bb4_4&#8243; _builder_version=\u00bb4.27.4&#8243; _module_preset=\u00bbdefault\u00bb global_colors_info=\u00bb{}\u00bb][et_pb_text admin_label=\u00bb78,00 \u20ac par jour et par personne\u00bb _builder_version=\u00bb4.27.4&#8243; _module_preset=\u00bbdefault\u00bb background_color=\u00bb#f7f7f7&#8243; custom_padding=\u00bb8px||8px||true|false\u00bb border_width_top=\u00bb1px\u00bb border_color_top=\u00bb#ededed\u00bb border_width_bottom=\u00bb1px\u00bb border_color_bottom=\u00bb#ededed\u00bb global_colors_info=\u00bb{}\u00bb]78,00 \u20ac por d\u00eda y por persona.[\/et_pb_text][\/et_pb_column][\/et_pb_row][\/et_pb_section][et_pb_section fb_built=\u00bb1&#8243; admin_label=\u00bbSection Chambre pension compl\u00e8te\u00bb _builder_version=\u00bb4.27.4&#8243; _module_preset=\u00bbdefault\u00bb custom_padding=\u00bb10px||10px||true|false\u00bb global_colors_info=\u00bb{}\u00bb][et_pb_row _builder_version=\u00bb4.27.4&#8243; _module_preset=\u00bbdefault\u00bb background_color=\u00bbgcid-secondary-color\u00bb width_tablet=\u00bb90%\u00bb width_phone=\u00bb90%\u00bb width_last_edited=\u00bbon|tablet\u00bb custom_padding=\u00bb20px||20px||true|false\u00bb global_colors_info=\u00bb{%22gcid-secondary-color%22:%91%22background_color%22%93}\u00bb][et_pb_column type=\u00bb4_4&#8243; _builder_version=\u00bb4.27.4&#8243; _module_preset=\u00bbdefault\u00bb global_colors_info=\u00bb{}\u00bb][et_pb_heading title=\u00bbHabitaci\u00f3n con pensi\u00f3n completa (almuerzo tipo picnic al mediod\u00eda).\u00bb admin_label=\u00bbTitre : Chambre pension compl\u00e8te\u00bb _builder_version=\u00bb4.27.4&#8243; _module_preset=\u00bbdefault\u00bb title_level=\u00bbh4&#8243; title_font=\u00bb&#8211;et_global_body_font||||||||\u00bb title_text_color=\u00bb#FFFFFF\u00bb custom_padding=\u00bb|||10px|true|false\u00bb global_colors_info=\u00bb{}\u00bb][\/et_pb_heading][\/et_pb_column][\/et_pb_row][et_pb_row _builder_version=\u00bb4.27.4&#8243; _module_preset=\u00bbdefault\u00bb width_tablet=\u00bb90%\u00bb width_phone=\u00bb90%\u00bb width_last_edited=\u00bbon|tablet\u00bb global_colors_info=\u00bb{}\u00bb][et_pb_column type=\u00bb4_4&#8243; _builder_version=\u00bb4.27.4&#8243; _module_preset=\u00bbdefault\u00bb global_colors_info=\u00bb{}\u00bb][et_pb_text admin_label=\u00bb90,00 \u20ac par jour et par personne\u00bb _builder_version=\u00bb4.27.4&#8243; _module_preset=\u00bbdefault\u00bb background_color=\u00bb#f7f7f7&#8243; custom_padding=\u00bb8px||8px||true|false\u00bb border_width_top=\u00bb1px\u00bb border_color_top=\u00bb#ededed\u00bb border_width_bottom=\u00bb1px\u00bb border_color_bottom=\u00bb#ededed\u00bb global_colors_info=\u00bb{}\u00bb]90,00 \u20ac por d\u00eda y por persona.[\/et_pb_text][\/et_pb_column][\/et_pb_row][\/et_pb_section][et_pb_section fb_built=\u00bb1&#8243; admin_label=\u00bbForfait enfant de 0 \u00e0 3 ans \u00bb _builder_version=\u00bb4.27.4&#8243; _module_preset=\u00bbdefault\u00bb custom_padding=\u00bb10px||10px||true|false\u00bb global_colors_info=\u00bb{}\u00bb][et_pb_row _builder_version=\u00bb4.27.4&#8243; _module_preset=\u00bbdefault\u00bb background_color=\u00bbgcid-secondary-color\u00bb width_tablet=\u00bb90%\u00bb width_phone=\u00bb90%\u00bb width_last_edited=\u00bbon|tablet\u00bb custom_padding=\u00bb20px||20px||true|false\u00bb global_colors_info=\u00bb{%22gcid-secondary-color%22:%91%22background_color%22%93}\u00bb][et_pb_column type=\u00bb4_4&#8243; _builder_version=\u00bb4.27.4&#8243; _module_preset=\u00bbdefault\u00bb global_colors_info=\u00bb{}\u00bb][et_pb_heading title=\u00bbPaquete para ni\u00f1os de 0 a 3 a\u00f1os: desayuno y media pensi\u00f3n (men\u00fa infantil) incluidos gratuitamente.\u00bb admin_label=\u00bbForfait enfant de 0 \u00e0 3 ans petit d\u00e9jeuner et demi pension (menu enfant) offerte \u00bb _builder_version=\u00bb4.27.4&#8243; _module_preset=\u00bbdefault\u00bb title_level=\u00bbh4&#8243; title_font=\u00bb&#8211;et_global_body_font||||||||\u00bb title_text_color=\u00bb#FFFFFF\u00bb custom_padding=\u00bb|||10px|true|false\u00bb global_colors_info=\u00bb{}\u00bb][\/et_pb_heading][\/et_pb_column][\/et_pb_row][et_pb_row _builder_version=\u00bb4.27.4&#8243; _module_preset=\u00bbdefault\u00bb width_tablet=\u00bb90%\u00bb width_phone=\u00bb90%\u00bb width_last_edited=\u00bbon|tablet\u00bb global_colors_info=\u00bb{}\u00bb][et_pb_column type=\u00bb4_4&#8243; _builder_version=\u00bb4.27.4&#8243; _module_preset=\u00bbdefault\u00bb global_colors_info=\u00bb{}\u00bb][et_pb_text admin_label=\u00bb78,00 \u20ac par jour et par personne\u00bb _builder_version=\u00bb4.27.4&#8243; _module_preset=\u00bbdefault\u00bb background_color=\u00bb#f7f7f7&#8243; custom_padding=\u00bb8px||8px||true|false\u00bb border_width_top=\u00bb1px\u00bb border_color_top=\u00bb#ededed\u00bb border_width_bottom=\u00bb1px\u00bb border_color_bottom=\u00bb#ededed\u00bb global_colors_info=\u00bb{}\u00bb]22,00 \u20ac por d\u00eda y por persona. [\/et_pb_text][\/et_pb_column][\/et_pb_row][\/et_pb_section][et_pb_section fb_built=\u00bb1&#8243; admin_label=\u00bbForfait enfant de 4 \u00e0 12 ans \u00bb _builder_version=\u00bb4.27.4&#8243; _module_preset=\u00bbdefault\u00bb custom_padding=\u00bb10px||10px||true|false\u00bb global_colors_info=\u00bb{}\u00bb][et_pb_row _builder_version=\u00bb4.27.4&#8243; _module_preset=\u00bbdefault\u00bb background_color=\u00bbgcid-secondary-color\u00bb width_tablet=\u00bb90%\u00bb width_phone=\u00bb90%\u00bb width_last_edited=\u00bbon|tablet\u00bb custom_padding=\u00bb20px||20px||true|false\u00bb global_colors_info=\u00bb{%22gcid-secondary-color%22:%91%22background_color%22%93}\u00bb][et_pb_column type=\u00bb4_4&#8243; _builder_version=\u00bb4.27.4&#8243; _module_preset=\u00bbdefault\u00bb global_colors_info=\u00bb{}\u00bb][et_pb_heading title=\u00bbPaquete para ni\u00f1os de 4 a 12 a\u00f1os (\u20ac5 de suplemento por pensi\u00f3n completa \u2013 men\u00fa infantil).\u00bb admin_label=\u00bbForfait enfant de 4 \u00e0 12 ans (suppl\u00e9ment de 5\u20ac pour la pension compl\u00e8te &#8211; menu enfant)\u00bb _builder_version=\u00bb4.27.4&#8243; _module_preset=\u00bbdefault\u00bb title_level=\u00bbh4&#8243; title_font=\u00bb&#8211;et_global_body_font||||||||\u00bb title_text_color=\u00bb#FFFFFF\u00bb custom_padding=\u00bb|||10px|true|false\u00bb global_colors_info=\u00bb{}\u00bb][\/et_pb_heading][\/et_pb_column][\/et_pb_row][et_pb_row _builder_version=\u00bb4.27.4&#8243; _module_preset=\u00bbdefault\u00bb width_tablet=\u00bb90%\u00bb width_phone=\u00bb90%\u00bb width_last_edited=\u00bbon|tablet\u00bb global_colors_info=\u00bb{}\u00bb][et_pb_column type=\u00bb4_4&#8243; _builder_version=\u00bb4.27.4&#8243; _module_preset=\u00bbdefault\u00bb global_colors_info=\u00bb{}\u00bb][et_pb_text admin_label=\u00bb40,00 \u20ac par jour et par personne\u00bb _builder_version=\u00bb4.27.4&#8243; _module_preset=\u00bbdefault\u00bb background_color=\u00bb#f7f7f7&#8243; custom_padding=\u00bb8px||8px||true|false\u00bb border_width_top=\u00bb1px\u00bb border_color_top=\u00bb#ededed\u00bb border_width_bottom=\u00bb1px\u00bb border_color_bottom=\u00bb#ededed\u00bb global_colors_info=\u00bb{}\u00bb]40,00 \u20ac por d\u00eda y por persona. [\/et_pb_text][\/et_pb_column][\/et_pb_row][\/et_pb_section][et_pb_section fb_built=\u00bb1&#8243; _builder_version=\u00bb4.27.4&#8243; _module_preset=\u00bbdefault\u00bb global_colors_info=\u00bb{}\u00bb][et_pb_row _builder_version=\u00bb4.27.4&#8243; _module_preset=\u00bbdefault\u00bb width_tablet=\u00bb90%\u00bb width_phone=\u00bb90%\u00bb width_last_edited=\u00bbon|tablet\u00bb global_colors_info=\u00bb{}\u00bb][et_pb_column type=\u00bb4_4&#8243; _builder_version=\u00bb4.27.4&#8243; _module_preset=\u00bbdefault\u00bb global_colors_info=\u00bb{}\u00bb][et_pb_text admin_label=\u00bbPour conna\u00eetre les tarifs groupes et entreprises, merci de contacter l&#8217;h\u00f4tel\u00bb _builder_version=\u00bb4.27.4&#8243; _module_preset=\u00bbdefault\u00bb text_font=\u00bb|600|||||||\u00bb custom_margin=\u00bb||20px||false|false\u00bb global_colors_info=\u00bb{}\u00bb]<\/p>\n<p>Para conocer las tarifas para grupos y empresas, por favor contacte con el hotel.<\/p>\n<p>[\/et_pb_text][et_pb_text admin_label=\u00bbLes boissons sont en suppl\u00e9ment\u00bb _builder_version=\u00bb4.27.4&#8243; _module_preset=\u00bbdefault\u00bb text_font=\u00bb|600|||||||\u00bb custom_margin=\u00bb||20px||false|false\u00bb global_colors_info=\u00bb{}\u00bb]<\/p>\n<p>Las bebidas no est\u00e1n incluidas.<\/p>\n<p>[\/et_pb_text][\/et_pb_column][\/et_pb_row][\/et_pb_section]<\/p>\n","protected":false},"excerpt":{"rendered":"<p>    <div class=\"swiper-galerie-unique-container\">\n        <div class=\"swiper swiper-galerie-unique\">\n            <div class=\"swiper-wrapper\">\n                                    <div class=\"swiper-slide\">\n                        <img decoding=\"async\" src=\"https:\/\/hotel-la-belle-aude.com\/wp-content\/uploads\/2025\/06\/hotel-la-belle-aude4.jpg\" alt=\"Chambre 5 de l&#039;h\u00f4tel la Belle Aude a Matemal\">\n                    <\/div>\n                                    <div class=\"swiper-slide\">\n                        <img decoding=\"async\" src=\"https:\/\/hotel-la-belle-aude.com\/wp-content\/uploads\/2025\/06\/hotel-la-belle-aude6.jpg\" alt=\"Piscine de la Belle Aude a Matemal\">\n                    <\/div>\n                                    <div class=\"swiper-slide\">\n                        <img decoding=\"async\" src=\"https:\/\/hotel-la-belle-aude.com\/wp-content\/uploads\/2025\/06\/hotel-la-belle-aude7.jpg\" alt=\"Chambre 4 de l&#039;h\u00f4tel la Belle Aude a Matemal\">\n                    <\/div>\n                                    <div class=\"swiper-slide\">\n                        <img decoding=\"async\" src=\"https:\/\/hotel-la-belle-aude.com\/wp-content\/uploads\/2025\/06\/hotel-la-belle-aude12.jpg\" alt=\"Chambre 3 de l&#039;h\u00f4tel la Belle Aude a Matemal\">\n                    <\/div>\n                                    <div class=\"swiper-slide\">\n                        <img decoding=\"async\" src=\"https:\/\/hotel-la-belle-aude.com\/wp-content\/uploads\/2025\/06\/hotel-la-belle-aude13.jpg\" alt=\"Chambre 2 de l&#039;h\u00f4tel la Belle Aude a Matemal\">\n                    <\/div>\n                                    <div class=\"swiper-slide\">\n                        <img decoding=\"async\" src=\"https:\/\/hotel-la-belle-aude.com\/wp-content\/uploads\/2025\/06\/hotel-la-belle-aude.jpg\" alt=\"Chambre 1 de l&#039;h\u00f4tel la Belle Aude a Matemal\">\n                    <\/div>\n                                    <div class=\"swiper-slide\">\n                        <img decoding=\"async\" src=\"https:\/\/hotel-la-belle-aude.com\/wp-content\/uploads\/2025\/06\/hotel-la-belle-aude2.jpg\" alt=\"Chambre de l&#039;h\u00f4tel la Belle Aude a Matemal\">\n                    <\/div>\n                            <\/div>\n            <div class=\"swiper-pagination pagination-galerie-unique\"><\/div>\n            <div class=\"swiper-button-next next-galerie-unique\"><\/div>\n            <div class=\"swiper-button-prev prev-galerie-unique\"><\/div>\n        <\/div>\n    <\/div>\n\n    <style>\n        .swiper-galerie-unique-container {\n            overflow: hidden;\n        }\n\n        .swiper-galerie-unique img {\n            width: 100%;\n            height: 200px;\n            object-fit: cover;\n        }\n\n        .swiper-galerie-unique .swiper-wrapper {\n            height: auto !important;\n        }\n\n        .swiper-galerie-unique .swiper-button-next,\n        .swiper-galerie-unique .swiper-button-prev {\n            color: #FA961E !important;\n        }\n\n        .swiper-galerie-unique .swiper-pagination-bullet {\n            background: #FA961E !important;\n        }\n\n        .swiper-galerie-unique .swiper-pagination-bullet-active {\n            background: #FA961E !important;\n        }\n\n        .swiper-galerie-unique .swiper-pagination {\n            position: relative;\n            margin-top: 30px;\n        }\n    <\/style>\n\n    <script type=\"text\/javascript\">\n        document.addEventListener(\"DOMContentLoaded\", function () {\n            const galleryEl = document.querySelector(\".swiper-galerie-unique\");\n            if (galleryEl) {\n                new Swiper(galleryEl, {\n                    slidesPerView: \"auto\",\n                    centeredSlides: false,\n                    watchOverflow: true,\n                    spaceBetween: 20,\n                    autoplay: {\n                        delay: 3000,\n                        disableOnInteraction: false,\n                    },\n                    loop: true,\n                    pagination: {\n                        el: \".pagination-galerie-unique\",\n                        clickable: true,\n                    },\n                    navigation: {\n                        nextEl: \".next-galerie-unique\",\n                        prevEl: \".prev-galerie-unique\",\n                    },\n                    breakpoints: {\n                        0: {\n                            slidesPerView: 2,\n                            spaceBetween: 10,\n                        },\n                        768: {\n                            slidesPerView: 4,\n                            spaceBetween: 40,\n                        },\n                    },\n                });\n            }\n        });\n    <\/script>\n    Hotel con 30 habitaciones y una piscina cubierta (abierta de mayo a septiembre).El H\u00f4tel-Auberge La Belle Aude en Matemale, en los Pirineos Orientales, cuenta con 30 habitaciones distribuidas en 2 plantas.Las habitaciones dobles est\u00e1n equipadas con una cama doble o dos camas individuales.Tarifas v\u00e1lidas del 1 de enero de 2026 al 31 de diciembre de [&hellip;]<\/p>\n","protected":false},"author":6,"featured_media":0,"parent":0,"menu_order":0,"comment_status":"closed","ping_status":"closed","template":"","meta":{"_acf_changed":false,"_et_pb_use_builder":"on","_et_pb_old_content":"","_et_gb_content_width":"","footnotes":""},"class_list":["post-2064","page","type-page","status-publish","hentry"],"acf":[],"yoast_head":"<!-- This site is optimized with the Yoast SEO plugin v27.5 - https:\/\/yoast.com\/product\/yoast-seo-wordpress\/ -->\n<title>Hotel - Hotel La Belle Aude<\/title>\n<meta name=\"robots\" content=\"index, follow, max-snippet:-1, max-image-preview:large, max-video-preview:-1\" \/>\n<link rel=\"canonical\" href=\"https:\/\/hotel-la-belle-aude.com\/es\/hotel\/\" \/>\n<meta property=\"og:locale\" content=\"es_ES\" \/>\n<meta property=\"og:type\" content=\"article\" \/>\n<meta property=\"og:title\" content=\"Hotel - Hotel La Belle Aude\" \/>\n<meta property=\"og:description\" content=\"Hotel con 30 habitaciones y una piscina cubierta (abierta de mayo a septiembre).El H\u00f4tel-Auberge La Belle Aude en Matemale, en los Pirineos Orientales, cuenta con 30 habitaciones distribuidas en 2 plantas.Las habitaciones dobles est\u00e1n equipadas con una cama doble o dos camas individuales.Tarifas v\u00e1lidas del 1 de enero de 2026 al 31 de diciembre de [&hellip;]\" \/>\n<meta property=\"og:url\" content=\"https:\/\/hotel-la-belle-aude.com\/es\/hotel\/\" \/>\n<meta property=\"og:site_name\" content=\"Hotel La Belle Aude\" \/>\n<meta property=\"article:modified_time\" content=\"2026-01-14T08:45:58+00:00\" \/>\n<meta name=\"twitter:card\" content=\"summary_large_image\" \/>\n<script type=\"application\/ld+json\" class=\"yoast-schema-graph\">{\"@context\":\"https:\\\/\\\/schema.org\",\"@graph\":[{\"@type\":\"WebPage\",\"@id\":\"https:\\\/\\\/hotel-la-belle-aude.com\\\/es\\\/hotel\\\/\",\"url\":\"https:\\\/\\\/hotel-la-belle-aude.com\\\/es\\\/hotel\\\/\",\"name\":\"Hotel - Hotel La Belle Aude\",\"isPartOf\":{\"@id\":\"https:\\\/\\\/hotel-la-belle-aude.com\\\/#website\"},\"datePublished\":\"2025-06-02T15:29:18+00:00\",\"dateModified\":\"2026-01-14T08:45:58+00:00\",\"breadcrumb\":{\"@id\":\"https:\\\/\\\/hotel-la-belle-aude.com\\\/es\\\/hotel\\\/#breadcrumb\"},\"inLanguage\":\"es\",\"potentialAction\":[{\"@type\":\"ReadAction\",\"target\":[\"https:\\\/\\\/hotel-la-belle-aude.com\\\/es\\\/hotel\\\/\"]}]},{\"@type\":\"BreadcrumbList\",\"@id\":\"https:\\\/\\\/hotel-la-belle-aude.com\\\/es\\\/hotel\\\/#breadcrumb\",\"itemListElement\":[{\"@type\":\"ListItem\",\"position\":1,\"name\":\"Accueil\",\"item\":\"https:\\\/\\\/hotel-la-belle-aude.com\\\/es\\\/inicio\\\/\"},{\"@type\":\"ListItem\",\"position\":2,\"name\":\"Hotel\"}]},{\"@type\":\"WebSite\",\"@id\":\"https:\\\/\\\/hotel-la-belle-aude.com\\\/#website\",\"url\":\"https:\\\/\\\/hotel-la-belle-aude.com\\\/\",\"name\":\"Hotel La Belle Aude\",\"description\":\"H\u00f4tel Auberge \u00e0 Matemale (66)\",\"potentialAction\":[{\"@type\":\"SearchAction\",\"target\":{\"@type\":\"EntryPoint\",\"urlTemplate\":\"https:\\\/\\\/hotel-la-belle-aude.com\\\/?s={search_term_string}\"},\"query-input\":{\"@type\":\"PropertyValueSpecification\",\"valueRequired\":true,\"valueName\":\"search_term_string\"}}],\"inLanguage\":\"es\"}]}<\/script>\n<!-- \/ Yoast SEO plugin. -->","yoast_head_json":{"title":"Hotel - Hotel La Belle Aude","robots":{"index":"index","follow":"follow","max-snippet":"max-snippet:-1","max-image-preview":"max-image-preview:large","max-video-preview":"max-video-preview:-1"},"canonical":"https:\/\/hotel-la-belle-aude.com\/es\/hotel\/","og_locale":"es_ES","og_type":"article","og_title":"Hotel - Hotel La Belle Aude","og_description":"Hotel con 30 habitaciones y una piscina cubierta (abierta de mayo a septiembre).El H\u00f4tel-Auberge La Belle Aude en Matemale, en los Pirineos Orientales, cuenta con 30 habitaciones distribuidas en 2 plantas.Las habitaciones dobles est\u00e1n equipadas con una cama doble o dos camas individuales.Tarifas v\u00e1lidas del 1 de enero de 2026 al 31 de diciembre de [&hellip;]","og_url":"https:\/\/hotel-la-belle-aude.com\/es\/hotel\/","og_site_name":"Hotel La Belle Aude","article_modified_time":"2026-01-14T08:45:58+00:00","twitter_card":"summary_large_image","schema":{"@context":"https:\/\/schema.org","@graph":[{"@type":"WebPage","@id":"https:\/\/hotel-la-belle-aude.com\/es\/hotel\/","url":"https:\/\/hotel-la-belle-aude.com\/es\/hotel\/","name":"Hotel - Hotel La Belle Aude","isPartOf":{"@id":"https:\/\/hotel-la-belle-aude.com\/#website"},"datePublished":"2025-06-02T15:29:18+00:00","dateModified":"2026-01-14T08:45:58+00:00","breadcrumb":{"@id":"https:\/\/hotel-la-belle-aude.com\/es\/hotel\/#breadcrumb"},"inLanguage":"es","potentialAction":[{"@type":"ReadAction","target":["https:\/\/hotel-la-belle-aude.com\/es\/hotel\/"]}]},{"@type":"BreadcrumbList","@id":"https:\/\/hotel-la-belle-aude.com\/es\/hotel\/#breadcrumb","itemListElement":[{"@type":"ListItem","position":1,"name":"Accueil","item":"https:\/\/hotel-la-belle-aude.com\/es\/inicio\/"},{"@type":"ListItem","position":2,"name":"Hotel"}]},{"@type":"WebSite","@id":"https:\/\/hotel-la-belle-aude.com\/#website","url":"https:\/\/hotel-la-belle-aude.com\/","name":"Hotel La Belle Aude","description":"H\u00f4tel Auberge \u00e0 Matemale (66)","potentialAction":[{"@type":"SearchAction","target":{"@type":"EntryPoint","urlTemplate":"https:\/\/hotel-la-belle-aude.com\/?s={search_term_string}"},"query-input":{"@type":"PropertyValueSpecification","valueRequired":true,"valueName":"search_term_string"}}],"inLanguage":"es"}]}},"_links":{"self":[{"href":"https:\/\/hotel-la-belle-aude.com\/es\/wp-json\/wp\/v2\/pages\/2064","targetHints":{"allow":["GET"]}}],"collection":[{"href":"https:\/\/hotel-la-belle-aude.com\/es\/wp-json\/wp\/v2\/pages"}],"about":[{"href":"https:\/\/hotel-la-belle-aude.com\/es\/wp-json\/wp\/v2\/types\/page"}],"author":[{"embeddable":true,"href":"https:\/\/hotel-la-belle-aude.com\/es\/wp-json\/wp\/v2\/users\/6"}],"replies":[{"embeddable":true,"href":"https:\/\/hotel-la-belle-aude.com\/es\/wp-json\/wp\/v2\/comments?post=2064"}],"version-history":[{"count":3,"href":"https:\/\/hotel-la-belle-aude.com\/es\/wp-json\/wp\/v2\/pages\/2064\/revisions"}],"predecessor-version":[{"id":2274,"href":"https:\/\/hotel-la-belle-aude.com\/es\/wp-json\/wp\/v2\/pages\/2064\/revisions\/2274"}],"wp:attachment":[{"href":"https:\/\/hotel-la-belle-aude.com\/es\/wp-json\/wp\/v2\/media?parent=2064"}],"curies":[{"name":"wp","href":"https:\/\/api.w.org\/{rel}","templated":true}]}}